{"id":1773,"date":"2024-05-04T08:09:20","date_gmt":"2024-05-04T08:09:20","guid":{"rendered":"https:\/\/www.hospitalidad.es\/caminosdehospitalidad\/?page_id=1773"},"modified":"2025-07-07T09:57:57","modified_gmt":"2025-07-07T09:57:57","slug":"caminos-de-hospitalidad-2024","status":"publish","type":"page","link":"https:\/\/www.hospitalidad.es\/caminosdehospitalidad\/","title":{"rendered":"Caminos de Hospitalidad 2025"},"content":{"rendered":"<div class=\"wpb-content-wrapper\"><p>[vc_row css_animation=\u00bb\u00bb row_type=\u00bbrow\u00bb use_row_as_full_screen_section=\u00bbno\u00bb type=\u00bbgrid\u00bb angled_section=\u00bbno\u00bb text_align=\u00bbleft\u00bb background_image_as_pattern=\u00bbwithout_pattern\u00bb z_index=\u00bb\u00bb background_image=\u00bb2462&#8243;][vc_column][vc_separator type=\u00bbtransparent\u00bb up=\u00bb275&#8243; down=\u00bb75&#8243;][vc_column_text css=\u00bb\u00bb]<\/p>\n<h1>La Esperanza es el Camino.<\/h1>\n<p>[\/vc_column_text][vc_separator type=\u00bbtransparent\u00bb up=\u00bb5&#8243; down=\u00bb23&#8243;][vc_column_text css=\u00bb\u00bb]<\/p>\n<h6 style=\"text-align: left;\"><span style=\"color: #ffffff;\">\u00a9 SJM Per\u00fa<\/span><\/h6>\n<p>[\/vc_column_text]<div class=\"gambit_fullheight_row\" data-content-location=\"center\" style=\"display: none\"><\/div>[\/vc_column][\/vc_row][vc_row css_animation=\u00bb\u00bb row_type=\u00bbrow\u00bb use_row_as_full_screen_section=\u00bbno\u00bb type=\u00bbgrid\u00bb angled_section=\u00bbno\u00bb text_align=\u00bbleft\u00bb background_image_as_pattern=\u00bbwithout_pattern\u00bb z_index=\u00bb\u00bb][vc_column][vc_single_image image=\u00bb125&#8243; img_size=\u00bbfull\u00bb qode_css_animation=\u00bb\u00bb][\/vc_column][\/vc_row][vc_row css_animation=\u00bb\u00bb row_type=\u00bbrow\u00bb use_row_as_full_screen_section=\u00bbno\u00bb type=\u00bbgrid\u00bb angled_section=\u00bbno\u00bb text_align=\u00bbleft\u00bb background_image_as_pattern=\u00bbwithout_pattern\u00bb z_index=\u00bb\u00bb][vc_column width=\u00bb1\/2&#8243;][vc_column_text css=\u00bb\u00bb]<\/p>\n<h2>Caminamos por la Hospitalidad.<\/h2>\n<p>[\/vc_column_text][vc_separator type=\u00bbtransparent\u00bb]<a  itemprop=\"url\" href=\"https:\/\/www.hospitalidad.es\/colabora-con-hospitalidad\/\" target=\"_self\" data-hover-background-color=\"#ffa8bf\" data-hover-border-color=\"#ffa8bf\" class=\"qbutton  big_large center enlarge\" style=\"color: #ffffff; border-color: #001ca8; margin: 7; border-radius: 17px;-moz-border-radius: 17px;-webkit-border-radius: 17px; background-color:#001ca8;\">DONA<i class=\"qode_icon_font_awesome fa fa-heart qode_button_icon_element\" style=\"color: #ffffff\"><\/i><\/a>[vc_separator type=\u00bbtransparent\u00bb][\/vc_column][vc_column width=\u00bb1\/2&#8243;][vc_column_text css=\u00bb\u00bb]<\/p>\n<h5>#<strong>CaminosDeHospitalidad<\/strong> es una iniciativa para generar una <strong>cultura de solidaridad e inclusi\u00f3n<\/strong> con las personas que se ven forzadas a migrar. Dejar los prejuicios atr\u00e1s y construir una cultura fraternal de esperanza y encuentro con otras culturas.<\/h5>\n<p>[\/vc_column_text][\/vc_column][\/vc_row][vc_row css_animation=\u00bb\u00bb row_type=\u00bbrow\u00bb use_row_as_full_screen_section=\u00bbno\u00bb type=\u00bbgrid\u00bb angled_section=\u00bbno\u00bb text_align=\u00bbleft\u00bb background_image_as_pattern=\u00bbwithout_pattern\u00bb z_index=\u00bb\u00bb][vc_column][vc_separator type=\u00bbtransparent\u00bb up=\u00bb15&#8243; down=\u00bb15&#8243;][vc_separator type=\u00bbnormal\u00bb up=\u00bb15&#8243; down=\u00bb15&#8243; color=\u00bb#001CA8&#8243; thickness=\u00bb7&#8243;][vc_separator type=\u00bbtransparent\u00bb up=\u00bb15&#8243; down=\u00bb15&#8243;][\/vc_column][\/vc_row][vc_row css_animation=\u00bb\u00bb row_type=\u00bbrow\u00bb use_row_as_full_screen_section=\u00bbno\u00bb type=\u00bbgrid\u00bb angled_section=\u00bbno\u00bb text_align=\u00bbleft\u00bb background_image_as_pattern=\u00bbwithout_pattern\u00bb z_index=\u00bb\u00bb][vc_column][vc_column_text css=\u00bb\u00bb]<\/p>\n<h3 style=\"text-align: left;\">Tu paso es la esperanza para miles de personas que buscan un futuro digno y en paz. \u00danete a Caminos de Hospitalidad. Porque la Esperanza es el Camino.<\/h3>\n<p>[\/vc_column_text][\/vc_column][\/vc_row][vc_row css_animation=\u00bb\u00bb row_type=\u00bbrow\u00bb use_row_as_full_screen_section=\u00bbno\u00bb type=\u00bbgrid\u00bb angled_section=\u00bbno\u00bb text_align=\u00bbleft\u00bb background_image_as_pattern=\u00bbwithout_pattern\u00bb z_index=\u00bb\u00bb][vc_column][vc_separator type=\u00bbnormal\u00bb up=\u00bb15&#8243; down=\u00bb15&#8243; color=\u00bb#001CA8&#8243; thickness=\u00bb1&#8243;][\/vc_column][\/vc_row][vc_row css_animation=\u00bb\u00bb row_type=\u00bbrow\u00bb use_row_as_full_screen_section=\u00bbno\u00bb type=\u00bbgrid\u00bb angled_section=\u00bbno\u00bb text_align=\u00bbleft\u00bb background_image_as_pattern=\u00bbwithout_pattern\u00bb z_index=\u00bb\u00bb background_color=\u00bb#F4386A4F\u00bb][vc_column][vc_video link=\u00bbhttps:\/\/vimeo.com\/1091733629&#8243; css=\u00bb\u00bb][vc_single_image image=\u00bb125&#8243; img_size=\u00bbfull\u00bb qode_css_animation=\u00bb\u00bb][\/vc_column][\/vc_row][vc_row css_animation=\u00bb\u00bb row_type=\u00bbrow\u00bb use_row_as_full_screen_section=\u00bbno\u00bb type=\u00bbgrid\u00bb angled_section=\u00bbno\u00bb text_align=\u00bbleft\u00bb background_image_as_pattern=\u00bbwithout_pattern\u00bb z_index=\u00bb\u00bb][vc_column width=\u00bb1\/2&#8243;][vc_separator type=\u00bbtransparent\u00bb up=\u00bb15&#8243; down=\u00bb15&#8243;][vc_column_text css=\u00bb\u00bb]<span style=\"font-weight: 400;\">Son muchos los caminos que las personas migrantes y refugiadas siguen vi\u00e9ndose obligadas a iniciar. Las <\/span><b>situaciones de violencia y conflicto armado; el empobrecimiento y la desigualdad; la falta de acceso a recursos de vida; y el cambio clim\u00e1tico <\/b><span style=\"font-weight: 400;\">provocan que m\u00e1s de <\/span><b>114 millones de personas<\/b><span style=\"font-weight: 400;\"> se vean forzadas a desplazarse en el mundo. De ellas, m\u00e1s de <\/span><b>43 millones son personas refugiadas<\/b><span style=\"font-weight: 400;\"> en otros pa\u00edses distintos al de origen. <\/span>[\/vc_column_text][vc_separator type=\u00bbtransparent\u00bb][\/vc_column][vc_column width=\u00bb1\/2&#8243;][vc_separator type=\u00bbtransparent\u00bb up=\u00bb15&#8243; down=\u00bb15&#8243;][vc_column_text css=\u00bb\u00bb]<span style=\"font-weight: 400;\">Europa afronta un periodo clave con la aprobaci\u00f3n de un Pacto de Migraci\u00f3n y Asilo que <strong>pone en riesgo<\/strong> el cumplimiento de los derechos humanos en las fronteras exteriores. En otras regiones de Norte, Centro y Sudam\u00e9rica se levantan barreras y muros para impedir que los seres humanos que huyen del horror puedan construir un proyecto de vida. A trav\u00e9s de #<strong>CaminosdeHospitalidad<\/strong> queremos generar un futuro con esperanza. <\/span>[\/vc_column_text][vc_separator type=\u00bbtransparent\u00bb][\/vc_column][\/vc_row][vc_row css_animation=\u00bb\u00bb row_type=\u00bbrow\u00bb use_row_as_full_screen_section=\u00bbno\u00bb type=\u00bbgrid\u00bb angled_section=\u00bbno\u00bb text_align=\u00bbleft\u00bb background_image_as_pattern=\u00bbwithout_pattern\u00bb z_index=\u00bb\u00bb][vc_column width=\u00bb1\/3&#8243;][vc_separator type=\u00bbtransparent\u00bb][vc_single_image image=\u00bb2313&#8243; img_size=\u00bbfull\u00bb style=\u00bbvc_box_shadow_3d\u00bb css=\u00bb\u00bb qode_css_animation=\u00bb\u00bb][vc_separator type=\u00bbtransparent\u00bb][vc_column_text css=\u00bb\u00bb]<\/p>\n<h6 style=\"text-align: left;\">\u00a9 CAMINOS DE HOSPITALIDAD<\/h6>\n<p>[\/vc_column_text][vc_separator type=\u00bbtransparent\u00bb][vc_column_text css=\u00bb\u00bb]<\/p>\n<h4><strong>Nuestro DEC\u00c1LOGO<\/strong><\/h4>\n<p>[\/vc_column_text][vc_separator type=\u00bbtransparent\u00bb up=\u00bb3&#8243; down=\u00bb1&#8243;][vc_column_text css=\u00bb\u00bb]<span style=\"font-weight: 400;\"><strong>Consulta nuestra Gu\u00eda<\/strong> pr\u00e1ctica y espiritual para personas y comunidades comprometidas con la Hospitalidad.<\/span>[\/vc_column_text][vc_separator type=\u00bbtransparent\u00bb]<a  itemprop=\"url\" href=\"\/caminosdehospitalidad\/caminos_2025\/_esp_decalogo_2025.pdf\" target=\"_blank\" data-hover-background-color=\"#ffa8bf\" data-hover-border-color=\"#ffa8bf\" data-hover-color=\"#001ca8\" class=\"qbutton  large center enlarge\" style=\"margin: 7; border-radius: 7px;-moz-border-radius: 7px;-webkit-border-radius: 7px; \">Descargarlo<i class=\"qode_icon_font_awesome fa fa-file-text-o qode_button_icon_element\"><\/i><\/a>[vc_separator type=\u00bbtransparent\u00bb][\/vc_column][vc_column width=\u00bb1\/3&#8243; el_class=\u00bbbordes\u00bb][vc_separator type=\u00bbtransparent\u00bb][vc_single_image image=\u00bb2211&#8243; img_size=\u00bbfull\u00bb style=\u00bbvc_box_shadow_3d\u00bb css=\u00bb\u00bb qode_css_animation=\u00bb\u00bb el_class=\u00bbcurvy\u00bb][vc_separator type=\u00bbtransparent\u00bb][vc_column_text css=\u00bb\u00bb]<\/p>\n<h6 style=\"text-align: left;\">\u00a9 JRS EUROPE<\/h6>\n<p>[\/vc_column_text][vc_separator type=\u00bbtransparent\u00bb][vc_column_text css=\u00bb\u00bb]<\/p>\n<h4><b>\u00bfQuieres caminar?<\/b><\/h4>\n<p>[\/vc_column_text][vc_separator type=\u00bbtransparent\u00bb up=\u00bb3&#8243; down=\u00bb1&#8243;][vc_column_text css=\u00bb\u00bb]<span style=\"font-weight: 400;\">Te presentamos <strong>10 inspiradoras formas de caminar<\/strong> por la Hospitalidad y as\u00ed impulsar tu propia iniciativa de Esperanza.<\/span>[\/vc_column_text][vc_separator type=\u00bbtransparent\u00bb]<a  itemprop=\"url\" href=\"\/caminosdehospitalidad\/diez-maneras-de-caminar\/\" target=\"_self\" data-hover-background-color=\"#ffa8bf\" data-hover-border-color=\"#ffa8bf\" data-hover-color=\"#001ca8\" class=\"qbutton  large center enlarge\" style=\"margin: 7; border-radius: 7px;-moz-border-radius: 7px;-webkit-border-radius: 7px; \">C\u00f3mo Caminar<i class=\"qode_icon_font_awesome fa fa-road qode_button_icon_element\"><\/i><\/a>[vc_separator type=\u00bbtransparent\u00bb][\/vc_column][vc_column width=\u00bb1\/3&#8243;][vc_separator type=\u00bbtransparent\u00bb][vc_single_image image=\u00bb2213&#8243; img_size=\u00bbfull\u00bb style=\u00bbvc_box_shadow_3d\u00bb css=\u00bb\u00bb qode_css_animation=\u00bb\u00bb][vc_separator type=\u00bbtransparent\u00bb][vc_column_text css=\u00bb\u00bb]<\/p>\n<h6 style=\"text-align: left;\">\u00a9 RJM<\/h6>\n<p>[\/vc_column_text][vc_separator type=\u00bbtransparent\u00bb][vc_column_text css=\u00bb\u00bb]<\/p>\n<h4><strong>\u00bfQuieres colaborar?<\/strong><\/h4>\n<p>[\/vc_column_text][vc_separator type=\u00bbtransparent\u00bb up=\u00bb3&#8243; down=\u00bb1&#8243;][vc_column_text css=\u00bb\u00bb]<span style=\"font-weight: 400;\">Con una peque\u00f1a aportaci\u00f3n puedes colaborar con la red de acogida y acompa\u00f1amiento a personas refugiadas de <strong>Hospitalidad<\/strong>.<\/span>[\/vc_column_text][vc_separator type=\u00bbtransparent\u00bb]<a  itemprop=\"url\" href=\"https:\/\/www.hospitalidad.es\/colabora-con-hospitalidad\/\" target=\"_self\" data-hover-background-color=\"#ffa8bf\" data-hover-border-color=\"#ffa8bf\" class=\"qbutton  large center enlarge\" style=\"color: #ffffff; border-color: #001ca8; margin: 7; border-radius: 7px;-moz-border-radius: 7px;-webkit-border-radius: 7px; background-color:#001ca8;\">DONA<i class=\"qode_icon_font_awesome fa fa-heart qode_button_icon_element\" style=\"color: #ffffff\"><\/i><\/a>[\/vc_column][\/vc_row][vc_row css_animation=\u00bb\u00bb row_type=\u00bbrow\u00bb use_row_as_full_screen_section=\u00bbno\u00bb type=\u00bbgrid\u00bb angled_section=\u00bbno\u00bb text_align=\u00bbleft\u00bb background_image_as_pattern=\u00bbwithout_pattern\u00bb z_index=\u00bb\u00bb][vc_column][vc_separator type=\u00bbtransparent\u00bb up=\u00bb15&#8243; down=\u00bb15&#8243;][vc_separator type=\u00bbtransparent\u00bb up=\u00bb15&#8243; down=\u00bb15&#8243;][\/vc_column][\/vc_row][vc_row css_animation=\u00bb\u00bb row_type=\u00bbrow\u00bb use_row_as_full_screen_section=\u00bbno\u00bb type=\u00bbgrid\u00bb angled_section=\u00bbno\u00bb text_align=\u00bbleft\u00bb background_image_as_pattern=\u00bbwithout_pattern\u00bb z_index=\u00bb\u00bb background_image=\u00bb2444&#8243;][vc_column][vc_separator type=\u00bbtransparent\u00bb up=\u00bb15&#8243; down=\u00bb75&#8243;][vc_column_text css=\u00bb\u00bb]<\/p>\n<h2><\/h2>\n<h2><span style=\"color: #ffffff;\">Millones de personas se ven forzadas a desplazarse en el mundo.<\/span><\/h2>\n<p>[\/vc_column_text][vc_separator type=\u00bbtransparent\u00bb up=\u00bb5&#8243; down=\u00bb3&#8243;][vc_column_text css=\u00bb\u00bb]<\/p>\n<h6 style=\"text-align: left;\"><span style=\"color: #ffffff;\"><br \/>\n\u00a9 Fe y Alegr\u00eda Panam\u00e1<\/span><\/h6>\n<p>[\/vc_column_text]<div class=\"gambit_fullheight_row\" data-content-location=\"center\" style=\"display: none\"><\/div>[\/vc_column][\/vc_row][vc_row css_animation=\u00bb\u00bb row_type=\u00bbrow\u00bb use_row_as_full_screen_section=\u00bbno\u00bb type=\u00bbgrid\u00bb angled_section=\u00bbno\u00bb text_align=\u00bbleft\u00bb background_image_as_pattern=\u00bbwithout_pattern\u00bb z_index=\u00bb\u00bb][vc_column][vc_separator type=\u00bbtransparent\u00bb up=\u00bb15&#8243; down=\u00bb15&#8243;][\/vc_column][\/vc_row][vc_row css_animation=\u00bb\u00bb row_type=\u00bbrow\u00bb use_row_as_full_screen_section=\u00bbno\u00bb type=\u00bbgrid\u00bb angled_section=\u00bbno\u00bb text_align=\u00bbleft\u00bb background_image_as_pattern=\u00bbwithout_pattern\u00bb z_index=\u00bb\u00bb][vc_column width=\u00bb1\/4&#8243;][\/vc_column][vc_column width=\u00bb1\/2&#8243;][vc_column_text css=\u00bb\u00bb]<\/p>\n<h2>Caminos en el Mundo.<\/h2>\n<p>[\/vc_column_text][vc_separator type=\u00bbtransparent\u00bb up=\u00bb15&#8243; down=\u00bb1&#8243;][vc_column_text css=\u00bb\u00bb]<span style=\"font-weight: 400;\">Unimos fuerzas a nivel global para caminar por la hospitalidad y la esperanza. A la iniciativa de #<strong>CaminosdeHospitalidad<\/strong> impulsada por la campa\u00f1a <strong>Hospitalidad<\/strong> de las obras del <strong>Sector Social de los Jesuitas en Espa\u00f1a<\/strong> se suman el <strong>Servicio Jesuita a Refugiados Europa<\/strong> (<\/span><a href=\"https:\/\/jrseurope.org\/\"><span style=\"font-weight: 400;\">JRS Europe<\/span><\/a><span style=\"font-weight: 400;\">), la <strong>Red Jesuita con Migrantes de Latinoam\u00e9rica y Caribe<\/strong> (<\/span><a href=\"https:\/\/www.redjesuitaconmigranteslac.org\/\"><span style=\"font-weight: 400;\">RJM LAC<\/span><\/a><span style=\"font-weight: 400;\">) y su Campa\u00f1a por la Hospitalidad; y la <strong>Federaci\u00f3n Internacional de Fe y Alegr\u00eda<\/strong>. (<a href=\"https:\/\/www.feyalegria.org\/\">FIFyA<\/a>)<\/span>[\/vc_column_text][vc_separator type=\u00bbtransparent\u00bb up=\u00bb11&#8243; down=\u00bb1&#8243;][vc_column_text css=\u00bb\u00bb]<span style=\"font-weight: 400;\">Consulta todas las acciones de <strong>Caminos de Hospitalidad<\/strong> que se van a celebrar en distintos lugares del mundo<\/span>[\/vc_column_text][vc_separator type=\u00bbtransparent\u00bb up=\u00bb5&#8243; down=\u00bb1&#8243;]<a  itemprop=\"url\" href=\"\/caminosdehospitalidad\/caminos-en-el-mundo\/\" target=\"_self\" data-hover-background-color=\"#ffa8bf\" data-hover-border-color=\"#ffa8bf\" class=\"qbutton  big_large center enlarge\" style=\"color: #ffffff; border-color: #001ca8; margin: 7; border-radius: 17px;-moz-border-radius: 17px;-webkit-border-radius: 17px; background-color:#001ca8;\">Caminos en el mundo<i class=\"qode_icon_font_awesome fa fa-laptop qode_button_icon_element\" style=\"color: #ffffff\"><\/i><\/a>[vc_separator type=\u00bbtransparent\u00bb up=\u00bb25&#8243; down=\u00bb1&#8243;][\/vc_column][vc_column width=\u00bb1\/4&#8243;][\/vc_column][\/vc_row][vc_row css_animation=\u00bb\u00bb row_type=\u00bbrow\u00bb use_row_as_full_screen_section=\u00bbno\u00bb type=\u00bbgrid\u00bb angled_section=\u00bbno\u00bb text_align=\u00bbleft\u00bb background_image_as_pattern=\u00bbwithout_pattern\u00bb z_index=\u00bb\u00bb background_color=\u00bb#00000000&#8243;][vc_column][vc_separator type=\u00bbtransparent\u00bb][vc_column_text css=\u00bb\u00bb]<\/p>\n<h3 style=\"text-align: center;\">S\u00famate a la Acci\u00f3n Global por la Hospitalidad.<\/h3>\n<p>[\/vc_column_text][vc_separator type=\u00bbtransparent\u00bb][\/vc_column][\/vc_row][vc_row css_animation=\u00bb\u00bb row_type=\u00bbrow\u00bb use_row_as_full_screen_section=\u00bbno\u00bb type=\u00bbfull_width\u00bb angled_section=\u00bbno\u00bb text_align=\u00bbleft\u00bb background_image_as_pattern=\u00bbwith_pattern\u00bb z_index=\u00bb\u00bb][vc_column][vc_separator type=\u00bbtransparent\u00bb up=\u00bb11&#8243; down=\u00bb11&#8243;][\/vc_column][\/vc_row][vc_row css_animation=\u00bb\u00bb row_type=\u00bbrow\u00bb use_row_as_full_screen_section=\u00bbno\u00bb type=\u00bbgrid\u00bb angled_section=\u00bbno\u00bb text_align=\u00bbleft\u00bb background_image_as_pattern=\u00bbwith_pattern\u00bb z_index=\u00bb\u00bb][vc_column width=\u00bb1\/4&#8243;][vc_single_image image=\u00bb2227&#8243; img_size=\u00bbfull\u00bb style=\u00bbvc_box_shadow_3d\u00bb css=\u00bb\u00bb qode_css_animation=\u00bbelement_from_top\u00bb][vc_column_text css=\u00bb\u00bb]<\/p>\n<h6 style=\"text-align: center;\">Almer\u00eda 2024<\/h6>\n<p>[\/vc_column_text][vc_separator type=\u00bbtransparent\u00bb][\/vc_column][vc_column width=\u00bb1\/4&#8243;][vc_single_image image=\u00bb2228&#8243; img_size=\u00bbfull\u00bb style=\u00bbvc_box_shadow_3d\u00bb css=\u00bb\u00bb qode_css_animation=\u00bbelement_from_top\u00bb][vc_column_text css=\u00bb\u00bb]<\/p>\n<h6 style=\"text-align: center;\">Boa Vista (Brasil) 2024<\/h6>\n<p>[\/vc_column_text][vc_separator type=\u00bbtransparent\u00bb][\/vc_column][vc_column width=\u00bb1\/4&#8243;][vc_single_image image=\u00bb2229&#8243; img_size=\u00bbfull\u00bb style=\u00bbvc_box_shadow_3d\u00bb css=\u00bb\u00bb qode_css_animation=\u00bbelement_from_top\u00bb][vc_column_text css=\u00bb\u00bb]<\/p>\n<h6 style=\"text-align: center;\">Bruselas 2024<\/h6>\n<p>[\/vc_column_text][vc_separator type=\u00bbtransparent\u00bb][\/vc_column][vc_column width=\u00bb1\/4&#8243;][vc_single_image image=\u00bb2230&#8243; img_size=\u00bbfull\u00bb style=\u00bbvc_box_shadow_3d\u00bb css=\u00bb\u00bb qode_css_animation=\u00bbelement_from_top\u00bb][vc_column_text css=\u00bb\u00bb]<\/p>\n<h6 style=\"text-align: center;\">Burgos 2024<\/h6>\n<p>[\/vc_column_text][\/vc_column][\/vc_row][vc_row css_animation=\u00bb\u00bb row_type=\u00bbrow\u00bb use_row_as_full_screen_section=\u00bbno\u00bb type=\u00bbfull_width\u00bb angled_section=\u00bbno\u00bb text_align=\u00bbleft\u00bb background_image_as_pattern=\u00bbwith_pattern\u00bb z_index=\u00bb\u00bb][vc_column][vc_separator type=\u00bbtransparent\u00bb][vc_column_text]<\/p>\n<p>[\/vc_column_text][\/vc_column][\/vc_row][vc_row css_animation=\u00bb\u00bb row_type=\u00bbrow\u00bb use_row_as_full_screen_section=\u00bbno\u00bb type=\u00bbgrid\u00bb angled_section=\u00bbno\u00bb text_align=\u00bbleft\u00bb background_image_as_pattern=\u00bbwith_pattern\u00bb z_index=\u00bb\u00bb][vc_column width=\u00bb1\/4&#8243;][vc_single_image image=\u00bb2231&#8243; img_size=\u00bbfull\u00bb style=\u00bbvc_box_shadow_3d\u00bb css=\u00bb\u00bb qode_css_animation=\u00bbelement_from_top\u00bb][vc_column_text css=\u00bb\u00bb]<\/p>\n<h6 style=\"text-align: center;\">Gran Canaria 2024<\/h6>\n<p>[\/vc_column_text][vc_separator type=\u00bbtransparent\u00bb][\/vc_column][vc_column width=\u00bb1\/4&#8243;][vc_single_image image=\u00bb2232&#8243; img_size=\u00bbfull\u00bb style=\u00bbvc_box_shadow_3d\u00bb css=\u00bb\u00bb qode_css_animation=\u00bbelement_from_top\u00bb][vc_column_text css=\u00bb\u00bb]<\/p>\n<h6 style=\"text-align: center;\">Ciudad Ju\u00e1rez 2024<\/h6>\n<p>[\/vc_column_text][vc_separator type=\u00bbtransparent\u00bb][\/vc_column][vc_column width=\u00bb1\/4&#8243;][vc_single_image image=\u00bb2233&#8243; img_size=\u00bbfull\u00bb style=\u00bbvc_box_shadow_3d\u00bb css=\u00bb\u00bb qode_css_animation=\u00bbelement_from_top\u00bb][vc_column_text css=\u00bb\u00bb]<\/p>\n<h6 style=\"text-align: center;\">Guatemala 2024<\/h6>\n<p>[\/vc_column_text][vc_separator type=\u00bbtransparent\u00bb][\/vc_column][vc_column width=\u00bb1\/4&#8243;][vc_single_image image=\u00bb2234&#8243; img_size=\u00bbfull\u00bb style=\u00bbvc_box_shadow_3d\u00bb css=\u00bb\u00bb qode_css_animation=\u00bbelement_from_top\u00bb][vc_column_text css=\u00bb\u00bb]<\/p>\n<h6 style=\"text-align: center;\">Madrid 2024<\/h6>\n<p>[\/vc_column_text][\/vc_column][\/vc_row][vc_row css_animation=\u00bb\u00bb row_type=\u00bbrow\u00bb use_row_as_full_screen_section=\u00bbno\u00bb type=\u00bbfull_width\u00bb angled_section=\u00bbno\u00bb text_align=\u00bbleft\u00bb background_image_as_pattern=\u00bbwith_pattern\u00bb z_index=\u00bb\u00bb][vc_column][vc_separator type=\u00bbtransparent\u00bb][vc_column_text]<\/p>\n<p>[\/vc_column_text][\/vc_column][\/vc_row][vc_row css_animation=\u00bb\u00bb row_type=\u00bbrow\u00bb use_row_as_full_screen_section=\u00bbno\u00bb type=\u00bbgrid\u00bb angled_section=\u00bbno\u00bb text_align=\u00bbleft\u00bb background_image_as_pattern=\u00bbwith_pattern\u00bb z_index=\u00bb\u00bb][vc_column width=\u00bb1\/4&#8243;][vc_single_image image=\u00bb2235&#8243; img_size=\u00bbfull\u00bb style=\u00bbvc_box_shadow_3d\u00bb css=\u00bb\u00bb qode_css_animation=\u00bbelement_from_top\u00bb][vc_column_text css=\u00bb\u00bb]<\/p>\n<h6 style=\"text-align: center;\">Valencia 2024<\/h6>\n<p>[\/vc_column_text][vc_separator type=\u00bbtransparent\u00bb][\/vc_column][vc_column width=\u00bb1\/4&#8243;][vc_single_image image=\u00bb2236&#8243; img_size=\u00bbfull\u00bb style=\u00bbvc_box_shadow_3d\u00bb css=\u00bb\u00bb qode_css_animation=\u00bbelement_from_top\u00bb][vc_column_text css=\u00bb\u00bb]<\/p>\n<h6 style=\"text-align: center;\">Valladolid 2024<\/h6>\n<p>[\/vc_column_text][vc_separator type=\u00bbtransparent\u00bb][\/vc_column][vc_column width=\u00bb1\/4&#8243;][vc_single_image image=\u00bb1575&#8243; img_size=\u00bbfull\u00bb style=\u00bbvc_box_shadow_3d\u00bb css=\u00bb\u00bb qode_css_animation=\u00bbelement_from_top\u00bb][vc_column_text css=\u00bb\u00bb]<\/p>\n<h6 style=\"text-align: center;\">Gran Canaria 2023<\/h6>\n<p>[\/vc_column_text][vc_separator type=\u00bbtransparent\u00bb][\/vc_column][vc_column width=\u00bb1\/4&#8243;][vc_single_image image=\u00bb1806&#8243; img_size=\u00bbfull\u00bb style=\u00bbvc_box_shadow_3d\u00bb css=\u00bb\u00bb qode_css_animation=\u00bbelement_from_top\u00bb][vc_column_text css=\u00bb\u00bb]<\/p>\n<h6 style=\"text-align: center;\">Durango 2023<\/h6>\n<p>[\/vc_column_text][\/vc_column][\/vc_row][vc_row css_animation=\u00bb\u00bb row_type=\u00bbrow\u00bb use_row_as_full_screen_section=\u00bbno\u00bb type=\u00bbfull_width\u00bb angled_section=\u00bbno\u00bb text_align=\u00bbleft\u00bb background_image_as_pattern=\u00bbwith_pattern\u00bb z_index=\u00bb\u00bb][vc_column][vc_separator type=\u00bbtransparent\u00bb][vc_column_text]<\/p>\n<p>[\/vc_column_text][\/vc_column][\/vc_row][vc_row css_animation=\u00bb\u00bb row_type=\u00bbrow\u00bb use_row_as_full_screen_section=\u00bbno\u00bb type=\u00bbgrid\u00bb angled_section=\u00bbno\u00bb text_align=\u00bbleft\u00bb background_image_as_pattern=\u00bbwith_pattern\u00bb z_index=\u00bb\u00bb][vc_column width=\u00bb1\/4&#8243;][vc_single_image image=\u00bb1809&#8243; img_size=\u00bbfull\u00bb style=\u00bbvc_box_shadow_3d\u00bb css=\u00bb\u00bb qode_css_animation=\u00bbelement_from_top\u00bb][vc_column_text css=\u00bb\u00bb]<\/p>\n<h6 style=\"text-align: center;\">Gran Canaria 2023<\/h6>\n<p>[\/vc_column_text][vc_separator type=\u00bbtransparent\u00bb][\/vc_column][vc_column width=\u00bb1\/4&#8243;][vc_single_image image=\u00bb1807&#8243; img_size=\u00bbfull\u00bb style=\u00bbvc_box_shadow_3d\u00bb css=\u00bb\u00bb qode_css_animation=\u00bbelement_from_top\u00bb][vc_column_text css=\u00bb\u00bb]<\/p>\n<h6 style=\"text-align: center;\">Madrid 2023<\/h6>\n<p>[\/vc_column_text][vc_separator type=\u00bbtransparent\u00bb][\/vc_column][vc_column width=\u00bb1\/4&#8243;][vc_single_image image=\u00bb1808&#8243; img_size=\u00bbfull\u00bb style=\u00bbvc_box_shadow_3d\u00bb css=\u00bb\u00bb qode_css_animation=\u00bbelement_from_top\u00bb][vc_column_text css=\u00bb\u00bb]<\/p>\n<h6 style=\"text-align: center;\">Vigo 2023<\/h6>\n<p>[\/vc_column_text][vc_separator type=\u00bbtransparent\u00bb][\/vc_column][vc_column width=\u00bb1\/4&#8243;][vc_single_image image=\u00bb1814&#8243; img_size=\u00bbfull\u00bb style=\u00bbvc_box_shadow_3d\u00bb css=\u00bb\u00bb qode_css_animation=\u00bbelement_from_top\u00bb][vc_column_text css=\u00bb\u00bb]<\/p>\n<h6 style=\"text-align: center;\">Valladolid 2022<\/h6>\n<p>[\/vc_column_text][\/vc_column][\/vc_row][vc_row css_animation=\u00bb\u00bb row_type=\u00bbrow\u00bb use_row_as_full_screen_section=\u00bbno\u00bb type=\u00bbfull_width\u00bb angled_section=\u00bbno\u00bb text_align=\u00bbleft\u00bb background_image_as_pattern=\u00bbwith_pattern\u00bb z_index=\u00bb\u00bb][vc_column][vc_separator type=\u00bbtransparent\u00bb][vc_column_text]<\/p>\n<p>[\/vc_column_text][\/vc_column][\/vc_row][vc_row css_animation=\u00bb\u00bb row_type=\u00bbrow\u00bb use_row_as_full_screen_section=\u00bbno\u00bb type=\u00bbgrid\u00bb angled_section=\u00bbno\u00bb text_align=\u00bbleft\u00bb background_image_as_pattern=\u00bbwith_pattern\u00bb z_index=\u00bb\u00bb][vc_column width=\u00bb1\/4&#8243;][vc_single_image image=\u00bb1813&#8243; img_size=\u00bbfull\u00bb style=\u00bbvc_box_shadow_3d\u00bb css=\u00bb\u00bb qode_css_animation=\u00bbelement_from_top\u00bb][vc_column_text css=\u00bb\u00bb]<\/p>\n<h6 style=\"text-align: center;\">Loiola 2022<\/h6>\n<p>[\/vc_column_text][vc_separator type=\u00bbtransparent\u00bb][\/vc_column][vc_column width=\u00bb1\/4&#8243;][vc_single_image image=\u00bb1810&#8243; img_size=\u00bbfull\u00bb style=\u00bbvc_box_shadow_3d\u00bb css=\u00bb\u00bb qode_css_animation=\u00bbelement_from_top\u00bb][vc_column_text css=\u00bb\u00bb]<\/p>\n<h6 style=\"text-align: center;\">Burgos 2022<\/h6>\n<p>[\/vc_column_text][vc_separator type=\u00bbtransparent\u00bb][\/vc_column][vc_column width=\u00bb1\/4&#8243;][vc_single_image image=\u00bb1812&#8243; img_size=\u00bbfull\u00bb style=\u00bbvc_box_shadow_3d\u00bb css=\u00bb\u00bb qode_css_animation=\u00bbelement_from_top\u00bb][vc_column_text css=\u00bb\u00bb]<\/p>\n<h6 style=\"text-align: center;\">Gran Canaria 2022<\/h6>\n<p>[\/vc_column_text][vc_separator type=\u00bbtransparent\u00bb][\/vc_column][vc_column width=\u00bb1\/4&#8243;][vc_single_image image=\u00bb1811&#8243; img_size=\u00bbfull\u00bb style=\u00bbvc_box_shadow_3d\u00bb css=\u00bb\u00bb qode_css_animation=\u00bbelement_from_top\u00bb][vc_column_text css=\u00bb\u00bb]<\/p>\n<h6 style=\"text-align: center;\">C\u00f3rdoba 2022<\/h6>\n<p>[\/vc_column_text][\/vc_column][\/vc_row][vc_row css_animation=\u00bb\u00bb row_type=\u00bbrow\u00bb use_row_as_full_screen_section=\u00bbno\u00bb type=\u00bbfull_width\u00bb angled_section=\u00bbno\u00bb text_align=\u00bbleft\u00bb background_image_as_pattern=\u00bbwith_pattern\u00bb z_index=\u00bb\u00bb][vc_column][vc_separator type=\u00bbtransparent\u00bb][vc_column_text]<\/p>\n<p>[\/vc_column_text][\/vc_column][\/vc_row][vc_row css_animation=\u00bb\u00bb row_type=\u00bbrow\u00bb use_row_as_full_screen_section=\u00bbno\u00bb type=\u00bbgrid\u00bb angled_section=\u00bbno\u00bb text_align=\u00bbleft\u00bb background_image_as_pattern=\u00bbwith_pattern\u00bb z_index=\u00bb\u00bb][vc_column width=\u00bb1\/4&#8243;][vc_single_image image=\u00bb1577&#8243; img_size=\u00bbfull\u00bb style=\u00bbvc_box_shadow_3d\u00bb qode_css_animation=\u00bbelement_from_top\u00bb][vc_column_text]<\/p>\n<h6 style=\"text-align: center;\">Santiago 2021<\/h6>\n<p>[\/vc_column_text][vc_separator type=\u00bbtransparent\u00bb][\/vc_column][vc_column width=\u00bb1\/4&#8243;][vc_single_image image=\u00bb1576&#8243; img_size=\u00bbfull\u00bb style=\u00bbvc_box_shadow_3d\u00bb qode_css_animation=\u00bbelement_from_top\u00bb][vc_column_text]<\/p>\n<h6 style=\"text-align: center;\">C\u00f3rdoba 2021<\/h6>\n<p>[\/vc_column_text][vc_separator type=\u00bbtransparent\u00bb][\/vc_column][vc_column width=\u00bb1\/4&#8243;][vc_single_image image=\u00bb1575&#8243; img_size=\u00bbfull\u00bb style=\u00bbvc_box_shadow_3d\u00bb qode_css_animation=\u00bbelement_from_top\u00bb][vc_column_text]<\/p>\n<h6 style=\"text-align: center;\">Gran Canaria 2021<\/h6>\n<p>[\/vc_column_text][vc_separator type=\u00bbtransparent\u00bb][\/vc_column][vc_column width=\u00bb1\/4&#8243;][vc_single_image image=\u00bb1574&#8243; img_size=\u00bbfull\u00bb style=\u00bbvc_box_shadow_3d\u00bb qode_css_animation=\u00bbelement_from_top\u00bb][vc_column_text]<\/p>\n<h6 style=\"text-align: center;\">Burgos 2021<\/h6>\n<p>[\/vc_column_text][\/vc_column][\/vc_row][vc_row css_animation=\u00bb\u00bb row_type=\u00bbrow\u00bb use_row_as_full_screen_section=\u00bbno\u00bb type=\u00bbfull_width\u00bb angled_section=\u00bbno\u00bb text_align=\u00bbleft\u00bb background_image_as_pattern=\u00bbwith_pattern\u00bb z_index=\u00bb\u00bb][vc_column][vc_separator type=\u00bbtransparent\u00bb][vc_column_text]<\/p>\n<p>[\/vc_column_text][\/vc_column][\/vc_row][vc_row css_animation=\u00bb\u00bb row_type=\u00bbrow\u00bb use_row_as_full_screen_section=\u00bbno\u00bb type=\u00bbgrid\u00bb angled_section=\u00bbno\u00bb text_align=\u00bbleft\u00bb background_image_as_pattern=\u00bbwith_pattern\u00bb z_index=\u00bb\u00bb][vc_column width=\u00bb1\/4&#8243;][vc_single_image image=\u00bb1268&#8243; img_size=\u00bbfull\u00bb style=\u00bbvc_box_shadow_3d\u00bb qode_css_animation=\u00bbelement_from_top\u00bb][vc_column_text]<\/p>\n<h6 style=\"text-align: center;\">Madrid 2020<\/h6>\n<p>[\/vc_column_text][vc_separator type=\u00bbtransparent\u00bb][\/vc_column][vc_column width=\u00bb1\/4&#8243;][vc_single_image image=\u00bb1269&#8243; img_size=\u00bbfull\u00bb style=\u00bbvc_box_shadow_3d\u00bb qode_css_animation=\u00bbelement_from_top\u00bb][vc_column_text]<\/p>\n<h6 style=\"text-align: center;\">Nador 2020<\/h6>\n<p>[\/vc_column_text][\/vc_column][vc_column width=\u00bb1\/4&#8243;][vc_single_image image=\u00bb1260&#8243; img_size=\u00bbfull\u00bb style=\u00bbvc_box_shadow_3d\u00bb qode_css_animation=\u00bbelement_from_top\u00bb][vc_column_text]<\/p>\n<h6 style=\"text-align: center;\">Valencia 2019<\/h6>\n<p>[\/vc_column_text][vc_separator type=\u00bbtransparent\u00bb][\/vc_column][vc_column width=\u00bb1\/4&#8243;][vc_single_image image=\u00bb1261&#8243; img_size=\u00bbfull\u00bb style=\u00bbvc_box_shadow_3d\u00bb qode_css_animation=\u00bbelement_from_top\u00bb][vc_column_text]<\/p>\n<h6 style=\"text-align: center;\">Valladolid 2019<\/h6>\n<p>[\/vc_column_text][vc_separator type=\u00bbtransparent\u00bb][\/vc_column][\/vc_row][vc_row css_animation=\u00bb\u00bb row_type=\u00bbrow\u00bb use_row_as_full_screen_section=\u00bbno\u00bb type=\u00bbfull_width\u00bb angled_section=\u00bbno\u00bb text_align=\u00bbleft\u00bb background_image_as_pattern=\u00bbwith_pattern\u00bb z_index=\u00bb\u00bb][vc_column][vc_separator type=\u00bbtransparent\u00bb][vc_column_text]<\/p>\n<p>[\/vc_column_text][\/vc_column][\/vc_row][vc_row css_animation=\u00bb\u00bb row_type=\u00bbrow\u00bb use_row_as_full_screen_section=\u00bbno\u00bb type=\u00bbgrid\u00bb angled_section=\u00bbno\u00bb text_align=\u00bbleft\u00bb background_image_as_pattern=\u00bbwith_pattern\u00bb z_index=\u00bb\u00bb][vc_column width=\u00bb1\/4&#8243;][vc_single_image image=\u00bb1258&#8243; img_size=\u00bbfull\u00bb style=\u00bbvc_box_shadow_3d\u00bb qode_css_animation=\u00bbelement_from_top\u00bb][vc_column_text]<\/p>\n<h6 style=\"text-align: center;\">C\u00f3rdoba 2019<\/h6>\n<p>[\/vc_column_text][vc_separator type=\u00bbtransparent\u00bb][\/vc_column][vc_column width=\u00bb1\/4&#8243;][vc_single_image image=\u00bb1267&#8243; img_size=\u00bbfull\u00bb style=\u00bbvc_box_shadow_3d\u00bb qode_css_animation=\u00bbelement_from_top\u00bb][vc_column_text]<\/p>\n<h6 style=\"text-align: center;\">Galicia 2019<\/h6>\n<p>[\/vc_column_text][vc_separator type=\u00bbtransparent\u00bb][\/vc_column][vc_column width=\u00bb1\/4&#8243;][vc_single_image image=\u00bb1263&#8243; img_size=\u00bbfull\u00bb style=\u00bbvc_box_shadow_3d\u00bb qode_css_animation=\u00bbelement_from_top\u00bb][vc_column_text]<\/p>\n<h6 style=\"text-align: center;\">Madrid 2019<\/h6>\n<p>[\/vc_column_text][vc_separator type=\u00bbtransparent\u00bb][\/vc_column][vc_column width=\u00bb1\/4&#8243;][vc_single_image image=\u00bb1259&#8243; img_size=\u00bbfull\u00bb style=\u00bbvc_box_shadow_3d\u00bb qode_css_animation=\u00bbelement_from_top\u00bb][vc_column_text]<\/p>\n<h6 style=\"text-align: center;\">Loiola 2019<\/h6>\n<p>[\/vc_column_text][\/vc_column][\/vc_row][vc_row css_animation=\u00bb\u00bb row_type=\u00bbrow\u00bb use_row_as_full_screen_section=\u00bbno\u00bb type=\u00bbfull_width\u00bb angled_section=\u00bbno\u00bb text_align=\u00bbleft\u00bb background_image_as_pattern=\u00bbwith_pattern\u00bb z_index=\u00bb\u00bb][vc_column][vc_separator type=\u00bbtransparent\u00bb][vc_column_text]<\/p>\n<p>[\/vc_column_text][\/vc_column][\/vc_row][vc_row css_animation=\u00bb\u00bb row_type=\u00bbrow\u00bb use_row_as_full_screen_section=\u00bbno\u00bb type=\u00bbgrid\u00bb angled_section=\u00bbno\u00bb text_align=\u00bbleft\u00bb background_image_as_pattern=\u00bbwith_pattern\u00bb z_index=\u00bb\u00bb][vc_column width=\u00bb1\/4&#8243;][vc_single_image image=\u00bb1255&#8243; img_size=\u00bbfull\u00bb style=\u00bbvc_box_shadow_3d\u00bb qode_css_animation=\u00bbelement_from_top\u00bb][vc_column_text]<\/p>\n<h6 style=\"text-align: center;\">Asturias 2018<\/h6>\n<p>[\/vc_column_text][vc_separator type=\u00bbtransparent\u00bb][\/vc_column][vc_column width=\u00bb1\/4&#8243;][vc_single_image image=\u00bb1270&#8243; img_size=\u00bbfull\u00bb style=\u00bbvc_box_shadow_3d\u00bb qode_css_animation=\u00bbelement_from_top\u00bb][vc_column_text]<\/p>\n<h6 style=\"text-align: center;\">Galicia 2018<\/h6>\n<p>[\/vc_column_text][vc_separator type=\u00bbtransparent\u00bb][\/vc_column][vc_column width=\u00bb1\/4&#8243;][vc_single_image image=\u00bb1256&#8243; img_size=\u00bbfull\u00bb style=\u00bbvc_box_shadow_3d\u00bb qode_css_animation=\u00bbelement_from_top\u00bb][vc_column_text]<\/p>\n<h6 style=\"text-align: center;\">Loiola 2018<\/h6>\n<p>[\/vc_column_text][vc_separator type=\u00bbtransparent\u00bb][\/vc_column][vc_column width=\u00bb1\/4&#8243;][vc_single_image image=\u00bb1257&#8243; img_size=\u00bbfull\u00bb style=\u00bbvc_box_shadow_3d\u00bb qode_css_animation=\u00bbelement_from_top\u00bb][vc_column_text]<\/p>\n<h6 style=\"text-align: center;\">Sevilla 2018<\/h6>\n<p>[\/vc_column_text][\/vc_column][\/vc_row][vc_row css_animation=\u00bb\u00bb row_type=\u00bbrow\u00bb use_row_as_full_screen_section=\u00bbno\u00bb type=\u00bbfull_width\u00bb angled_section=\u00bbno\u00bb text_align=\u00bbleft\u00bb background_image_as_pattern=\u00bbwith_pattern\u00bb z_index=\u00bb\u00bb][vc_column][vc_separator type=\u00bbtransparent\u00bb][\/vc_column][\/vc_row][vc_row css_animation=\u00bb\u00bb row_type=\u00bbrow\u00bb use_row_as_full_screen_section=\u00bbno\u00bb type=\u00bbgrid\u00bb angled_section=\u00bbno\u00bb text_align=\u00bbleft\u00bb background_image_as_pattern=\u00bbwithout_pattern\u00bb z_index=\u00bb\u00bb background_image=\u00bb2429&#8243;][vc_column][vc_separator type=\u00bbtransparent\u00bb up=\u00bb15&#8243; down=\u00bb75&#8243;][vc_column_text css=\u00bb\u00bb]<\/p>\n<h2><\/h2>\n<h2><span style=\"color: #ffffff;\">Caminamos por un futuro de Esperanza.<\/span><\/h2>\n<p>[\/vc_column_text][vc_separator type=\u00bbtransparent\u00bb up=\u00bb5&#8243; down=\u00bb3&#8243;][vc_column_text css=\u00bb\u00bb]<\/p>\n<h6 style=\"text-align: left;\"><span style=\"color: #ffffff;\">\u00a9 Fe y Alegr\u00eda Venezuela<\/span><\/h6>\n<p>[\/vc_column_text]<div class=\"gambit_fullheight_row\" data-content-location=\"center\" style=\"display: none\"><\/div>[\/vc_column][\/vc_row][vc_row css_animation=\u00bb\u00bb row_type=\u00bbrow\u00bb use_row_as_full_screen_section=\u00bbno\u00bb type=\u00bbfull_width\u00bb angled_section=\u00bbno\u00bb text_align=\u00bbleft\u00bb background_image_as_pattern=\u00bbwith_pattern\u00bb z_index=\u00bb\u00bb][vc_column][vc_separator type=\u00bbtransparent\u00bb][\/vc_column][\/vc_row][vc_row css_animation=\u00bb\u00bb row_type=\u00bbrow\u00bb use_row_as_full_screen_section=\u00bbno\u00bb type=\u00bbgrid\u00bb angled_section=\u00bbno\u00bb text_align=\u00bbleft\u00bb background_image_as_pattern=\u00bbwith_pattern\u00bb z_index=\u00bb\u00bb][vc_column width=\u00bb1\/5&#8243;][\/vc_column][vc_column width=\u00bb1\/5&#8243;][\/vc_column][vc_column width=\u00bb1\/5&#8243;][vc_single_image image=\u00bb1313&#8243; img_size=\u00bbfull\u00bb onclick=\u00bbcustom_link\u00bb img_link_target=\u00bb_blank\u00bb css=\u00bb\u00bb qode_css_animation=\u00bb\u00bb link=\u00bbhttps:\/\/www.hospitalidad.es\/\u00bb][\/vc_column][vc_column width=\u00bb1\/5&#8243;][\/vc_column][vc_column width=\u00bb1\/5&#8243;][\/vc_column][\/vc_row][vc_row css_animation=\u00bb\u00bb row_type=\u00bbrow\u00bb use_row_as_full_screen_section=\u00bbno\u00bb type=\u00bbgrid\u00bb angled_section=\u00bbno\u00bb text_align=\u00bbleft\u00bb background_image_as_pattern=\u00bbwith_pattern\u00bb z_index=\u00bb\u00bb background_image=\u00bb1254&#8243;][vc_column width=\u00bb1\/4&#8243;][vc_column_text css=\u00bb\u00bb]<\/p>\n<h6 style=\"text-align: center;\">Con la participaci\u00f3n de:<\/h6>\n<p>[\/vc_column_text][\/vc_column][vc_column width=\u00bb1\/4&#8243;][\/vc_column][vc_column width=\u00bb1\/4&#8243;][\/vc_column][vc_column width=\u00bb1\/4&#8243;][\/vc_column][\/vc_row]<\/p>\n<\/div>","protected":false},"excerpt":{"rendered":"<p>[vc_row css_animation=\u00bb\u00bb row_type=\u00bbrow\u00bb use_row_as_full_screen_section=\u00bbno\u00bb type=\u00bbgrid\u00bb angled_section=\u00bbno\u00bb text_align=\u00bbleft\u00bb background_image_as_pattern=\u00bbwithout_pattern\u00bb z_index=\u00bb\u00bb background_image=\u00bb2462&#8243;][vc_column][vc_separator type=\u00bbtransparent\u00bb up=\u00bb275&#8243; down=\u00bb75&#8243;][vc_column_text css=\u00bb\u00bb] La Esperanza es el Camino. [\/vc_column_text][vc_separator type=\u00bbtransparent\u00bb up=\u00bb5&#8243; down=\u00bb23&#8243;][vc_column_text css=\u00bb\u00bb] \u00a9 SJM Per\u00fa [\/vc_column_text][\/vc_column][\/vc_row][vc_row css_animation=\u00bb\u00bb row_type=\u00bbrow\u00bb use_row_as_full_screen_section=\u00bbno\u00bb type=\u00bbgrid\u00bb angled_section=\u00bbno\u00bb text_align=\u00bbleft\u00bb background_image_as_pattern=\u00bbwithout_pattern\u00bb z_index=\u00bb\u00bb][vc_column][vc_single_image image=\u00bb125&#8243; img_size=\u00bbfull\u00bb qode_css_animation=\u00bb\u00bb][\/vc_column][\/vc_row][vc_row css_animation=\u00bb\u00bb row_type=\u00bbrow\u00bb use_row_as_full_screen_section=\u00bbno\u00bb type=\u00bbgrid\u00bb angled_section=\u00bbno\u00bb text_align=\u00bbleft\u00bb&#8230;<\/p>\n","protected":false},"author":1,"featured_media":0,"parent":0,"menu_order":0,"comment_status":"closed","ping_status":"closed","template":"full_width.php","meta":{"footnotes":""},"class_list":["post-1773","page","type-page","status-publish","hentry"],"yoast_head":"<!-- This site is optimized with the Yoast SEO plugin v27.5 - https:\/\/yoast.com\/product\/yoast-seo-wordpress\/ -->\n<title>Caminos de Hospitalidad 2025 - Caminos de Hospitalidad<\/title>\n<meta name=\"description\" content=\"Un a\u00f1o m\u00e1s, no podemos olvidarnos de las personas refugiadas que, aun en medio de la pandemia, no han podido dejar de caminar. Este a\u00f1o volvemos a sumar nuestros caminos de solidaridad, acogida e inclusi\u00f3n.\" \/>\n<meta name=\"robots\" content=\"index, follow, max-snippet:-1, max-image-preview:large, max-video-preview:-1\" \/>\n<link rel=\"canonical\" href=\"https:\/\/www.hospitalidad.es\/caminosdehospitalidad\/\" \/>\n<meta property=\"og:locale\" content=\"es_ES\" \/>\n<meta property=\"og:type\" content=\"article\" \/>\n<meta property=\"og:title\" content=\"Caminos de Hospitalidad\" \/>\n<meta property=\"og:description\" content=\"#CaminosDeHospitalidad es una iniciativa para generar una cultura de solidaridad e inclusi\u00f3n con las personas que se ven forzadas a migrar.\" \/>\n<meta property=\"og:url\" content=\"https:\/\/www.hospitalidad.es\/caminosdehospitalidad\/\" \/>\n<meta property=\"og:site_name\" content=\"Caminos de Hospitalidad\" \/>\n<meta property=\"article:modified_time\" content=\"2025-07-07T09:57:57+00:00\" \/>\n<meta property=\"og:image\" content=\"https:\/\/www.hospitalidad.es\/caminosdehospitalidad\/wp-content\/uploads\/2025\/06\/whatsapp_c_500x263_25.jpg\" \/>\n\t<meta property=\"og:image:width\" content=\"500\" \/>\n\t<meta property=\"og:image:height\" content=\"263\" \/>\n\t<meta property=\"og:image:type\" content=\"image\/jpeg\" \/>\n<meta name=\"twitter:card\" content=\"summary_large_image\" \/>\n<meta name=\"twitter:title\" content=\"Caminos de Hospitalidad\" \/>\n<meta name=\"twitter:description\" content=\"#CaminosDeHospitalidad es una iniciativa para generar una cultura de solidaridad e inclusi\u00f3n con las personas que se ven forzadas a migrar.\" \/>\n<meta name=\"twitter:image\" content=\"https:\/\/www.hospitalidad.es\/caminosdehospitalidad\/wp-content\/uploads\/2025\/06\/whatsapp_c_500x263_25.jpg\" \/>\n<meta name=\"twitter:label1\" content=\"Tiempo de lectura\" \/>\n\t<meta name=\"twitter:data1\" content=\"7 minutos\" \/>\n<script type=\"application\/ld+json\" class=\"yoast-schema-graph\">{\"@context\":\"https:\\\/\\\/schema.org\",\"@graph\":[{\"@type\":\"WebPage\",\"@id\":\"https:\\\/\\\/www.hospitalidad.es\\\/caminosdehospitalidad\\\/\",\"url\":\"https:\\\/\\\/www.hospitalidad.es\\\/caminosdehospitalidad\\\/\",\"name\":\"Caminos de Hospitalidad 2025 - Caminos de Hospitalidad\",\"isPartOf\":{\"@id\":\"https:\\\/\\\/www.hospitalidad.es\\\/caminosdehospitalidad\\\/#website\"},\"datePublished\":\"2024-05-04T08:09:20+00:00\",\"dateModified\":\"2025-07-07T09:57:57+00:00\",\"description\":\"Un a\u00f1o m\u00e1s, no podemos olvidarnos de las personas refugiadas que, aun en medio de la pandemia, no han podido dejar de caminar. Este a\u00f1o volvemos a sumar nuestros caminos de solidaridad, acogida e inclusi\u00f3n.\",\"breadcrumb\":{\"@id\":\"https:\\\/\\\/www.hospitalidad.es\\\/caminosdehospitalidad\\\/#breadcrumb\"},\"inLanguage\":\"es\",\"potentialAction\":[{\"@type\":\"ReadAction\",\"target\":[\"https:\\\/\\\/www.hospitalidad.es\\\/caminosdehospitalidad\\\/\"]}]},{\"@type\":\"BreadcrumbList\",\"@id\":\"https:\\\/\\\/www.hospitalidad.es\\\/caminosdehospitalidad\\\/#breadcrumb\",\"itemListElement\":[{\"@type\":\"ListItem\",\"position\":1,\"name\":\"Portada\",\"item\":\"https:\\\/\\\/www.hospitalidad.es\\\/caminosdehospitalidad\\\/\"},{\"@type\":\"ListItem\",\"position\":2,\"name\":\"Caminos de Hospitalidad 2025\"}]},{\"@type\":\"WebSite\",\"@id\":\"https:\\\/\\\/www.hospitalidad.es\\\/caminosdehospitalidad\\\/#website\",\"url\":\"https:\\\/\\\/www.hospitalidad.es\\\/caminosdehospitalidad\\\/\",\"name\":\"Caminos de Hospitalidad\",\"description\":\"Entreculturas\",\"potentialAction\":[{\"@type\":\"SearchAction\",\"target\":{\"@type\":\"EntryPoint\",\"urlTemplate\":\"https:\\\/\\\/www.hospitalidad.es\\\/caminosdehospitalidad\\\/?s={search_term_string}\"},\"query-input\":{\"@type\":\"PropertyValueSpecification\",\"valueRequired\":true,\"valueName\":\"search_term_string\"}}],\"inLanguage\":\"es\"}]}<\/script>\n<!-- \/ Yoast SEO plugin. -->","yoast_head_json":{"title":"Caminos de Hospitalidad 2025 - Caminos de Hospitalidad","description":"Un a\u00f1o m\u00e1s, no podemos olvidarnos de las personas refugiadas que, aun en medio de la pandemia, no han podido dejar de caminar. Este a\u00f1o volvemos a sumar nuestros caminos de solidaridad, acogida e inclusi\u00f3n.","robots":{"index":"index","follow":"follow","max-snippet":"max-snippet:-1","max-image-preview":"max-image-preview:large","max-video-preview":"max-video-preview:-1"},"canonical":"https:\/\/www.hospitalidad.es\/caminosdehospitalidad\/","og_locale":"es_ES","og_type":"article","og_title":"Caminos de Hospitalidad","og_description":"#CaminosDeHospitalidad es una iniciativa para generar una cultura de solidaridad e inclusi\u00f3n con las personas que se ven forzadas a migrar.","og_url":"https:\/\/www.hospitalidad.es\/caminosdehospitalidad\/","og_site_name":"Caminos de Hospitalidad","article_modified_time":"2025-07-07T09:57:57+00:00","og_image":[{"width":500,"height":263,"url":"https:\/\/www.hospitalidad.es\/caminosdehospitalidad\/wp-content\/uploads\/2025\/06\/whatsapp_c_500x263_25.jpg","type":"image\/jpeg"}],"twitter_card":"summary_large_image","twitter_title":"Caminos de Hospitalidad","twitter_description":"#CaminosDeHospitalidad es una iniciativa para generar una cultura de solidaridad e inclusi\u00f3n con las personas que se ven forzadas a migrar.","twitter_image":"https:\/\/www.hospitalidad.es\/caminosdehospitalidad\/wp-content\/uploads\/2025\/06\/whatsapp_c_500x263_25.jpg","twitter_misc":{"Tiempo de lectura":"7 minutos"},"schema":{"@context":"https:\/\/schema.org","@graph":[{"@type":"WebPage","@id":"https:\/\/www.hospitalidad.es\/caminosdehospitalidad\/","url":"https:\/\/www.hospitalidad.es\/caminosdehospitalidad\/","name":"Caminos de Hospitalidad 2025 - Caminos de Hospitalidad","isPartOf":{"@id":"https:\/\/www.hospitalidad.es\/caminosdehospitalidad\/#website"},"datePublished":"2024-05-04T08:09:20+00:00","dateModified":"2025-07-07T09:57:57+00:00","description":"Un a\u00f1o m\u00e1s, no podemos olvidarnos de las personas refugiadas que, aun en medio de la pandemia, no han podido dejar de caminar. Este a\u00f1o volvemos a sumar nuestros caminos de solidaridad, acogida e inclusi\u00f3n.","breadcrumb":{"@id":"https:\/\/www.hospitalidad.es\/caminosdehospitalidad\/#breadcrumb"},"inLanguage":"es","potentialAction":[{"@type":"ReadAction","target":["https:\/\/www.hospitalidad.es\/caminosdehospitalidad\/"]}]},{"@type":"BreadcrumbList","@id":"https:\/\/www.hospitalidad.es\/caminosdehospitalidad\/#breadcrumb","itemListElement":[{"@type":"ListItem","position":1,"name":"Portada","item":"https:\/\/www.hospitalidad.es\/caminosdehospitalidad\/"},{"@type":"ListItem","position":2,"name":"Caminos de Hospitalidad 2025"}]},{"@type":"WebSite","@id":"https:\/\/www.hospitalidad.es\/caminosdehospitalidad\/#website","url":"https:\/\/www.hospitalidad.es\/caminosdehospitalidad\/","name":"Caminos de Hospitalidad","description":"Entreculturas","potentialAction":[{"@type":"SearchAction","target":{"@type":"EntryPoint","urlTemplate":"https:\/\/www.hospitalidad.es\/caminosdehospitalidad\/?s={search_term_string}"},"query-input":{"@type":"PropertyValueSpecification","valueRequired":true,"valueName":"search_term_string"}}],"inLanguage":"es"}]}},"_links":{"self":[{"href":"https:\/\/www.hospitalidad.es\/caminosdehospitalidad\/wp-json\/wp\/v2\/pages\/1773","targetHints":{"allow":["GET"]}}],"collection":[{"href":"https:\/\/www.hospitalidad.es\/caminosdehospitalidad\/wp-json\/wp\/v2\/pages"}],"about":[{"href":"https:\/\/www.hospitalidad.es\/caminosdehospitalidad\/wp-json\/wp\/v2\/types\/page"}],"author":[{"embeddable":true,"href":"https:\/\/www.hospitalidad.es\/caminosdehospitalidad\/wp-json\/wp\/v2\/users\/1"}],"replies":[{"embeddable":true,"href":"https:\/\/www.hospitalidad.es\/caminosdehospitalidad\/wp-json\/wp\/v2\/comments?post=1773"}],"version-history":[{"count":129,"href":"https:\/\/www.hospitalidad.es\/caminosdehospitalidad\/wp-json\/wp\/v2\/pages\/1773\/revisions"}],"predecessor-version":[{"id":2500,"href":"https:\/\/www.hospitalidad.es\/caminosdehospitalidad\/wp-json\/wp\/v2\/pages\/1773\/revisions\/2500"}],"wp:attachment":[{"href":"https:\/\/www.hospitalidad.es\/caminosdehospitalidad\/wp-json\/wp\/v2\/media?parent=1773"}],"curies":[{"name":"wp","href":"https:\/\/api.w.org\/{rel}","templated":true}]}}